{"id":5271,"date":"2021-11-15T10:25:16","date_gmt":"2021-11-15T10:25:16","guid":{"rendered":"https:\/\/aeestesc.net\/descobrecoimbra\/?post_type=place&#038;p=5271"},"modified":"2021-11-22T11:38:21","modified_gmt":"2021-11-22T11:38:21","slug":"astoria","status":"publish","type":"place","link":"https:\/\/aeestesc.net\/descobrecoimbra\/place\/astoria\/","title":{"rendered":"Ast\u00f3ria"},"content":{"rendered":"<p>Se procura apenas um <strong>hotel em Coimbra<\/strong>, confort\u00e1vel, com uma excelente localiza\u00e7\u00e3o central e excelentes vistas para o rio, o Hotel Ast\u00f3ria ser\u00e1 certamente uma excelente escolha. Se, al\u00e9m disso, aprecia arquitetura, este hotel \u00e9 um sonho tornado realidade.<\/p>\n<p>Em plena Avenida Em\u00eddio Navarro, na localiza\u00e7\u00e3o mais central de <strong>alojamento em\u00a0Coimbra<\/strong>, junto \u00e0 Ponte de Santa Clara e ao Largo da Portagem, a localiza\u00e7\u00e3o mais nobre de <strong>Coimbra<\/strong>: ao lado das principais art\u00e9rias comerciais da cidade velha, com suas lojas e restaurantes, a curta distancia da zona monumental ,e a 2 minutos a p\u00e9 da Esta\u00e7\u00e3o Central, com todos os transportes p\u00fablicos da cidade \u00e0 sua volta. Encontra-se a 5 minutos da autoestrada A1 Lisboa-Porto, a 200 Kms de Lisboa e 100 kms do Porto, e com acesso r\u00e1pido e conveniente \u00e0s principais cidades e atra\u00e7\u00f5es tur\u00edsticas das imedia\u00e7\u00f5es: Figueira da Foz, F\u00e1tima, Leiria, Aveiro ou Viseu, \u00e0 Rota da Bairrada, \u00e0s Ruinas Romanas de Conimbriga ou \u00e0 Mata Nacional do Bussaco.<\/p>\n<p>&nbsp;<\/p>\n<div><b>Check-in:<\/b> de 15:00 at\u00e9 23:59<\/div>\n<div><b>Check-out:<\/b> at\u00e9 12:00<\/div>\n","protected":false},"excerpt":{"rendered":"<p>Se procura apenas um hotel em Coimbra, confort\u00e1vel, com uma excelente localiza\u00e7\u00e3o central e excelentes vistas para o rio, o Hotel Ast\u00f3ria ser\u00e1 certamente uma excelente escolha. Se, al\u00e9m disso, aprecia arquitetura, este hotel \u00e9 um sonho tornado realidade. Em plena Avenida Em\u00eddio Navarro, na localiza\u00e7\u00e3o mais central de alojamento em\u00a0Coimbra, junto \u00e0 Ponte de [&hellip;]<\/p>\n","protected":false},"author":2,"featured_media":5274,"menu_order":0,"comment_status":"closed","ping_status":"closed","template":"","place-type":[200],"place-categories":[199],"place-amenities":[192,191,116,127,125,144,154],"place-city":[147],"featured_media_url":"https:\/\/aeestesc.net\/descobrecoimbra\/wp-content\/uploads\/2021\/11\/hotel-astoria-1-alexandre-almeida.jpg","golo-place_price_short":"","golo-place_price_unit":"m","golo-place_price_range":"3","golo-place_booking_type":"","golo-place_booking":"https:\/\/www.almeidahotels.pt\/pt\/hotel-astoria-coimbra","golo-place_booking_site":"https:\/\/www.booking.com\/hotel\/pt\/astoria.pt-pt.html?aid=304142;label=gen173nr-1DCAEoggI46AdIM1gEaLsBiAEBmAEfuAEHyAEN2AED6AEBiAIBqAIDuAK45siMBsACAdICJDFlOTBiOGI0LTRjMDEtNDliMi1iY2NmLTIzNTQ3ZWYzZTljZNgCBOACAQ;sid=7173d6165a904fc5cf3a871bb1b72f2a;all_sr_blocks=3923502_289918923_0_2_0;checkin=2021-11-15;checkout=2021-11-16;dist=0;group_adults=2;group_children=0;hapos=0;highlighted_blocks=3923502_289918923_0_2_0;hpos=0;matching_block_id=3923502_289918923_0_2_0;no_rooms=1;req_adults=2;req_children=0;room1=AA;sb_price_type=total;sr_order=popularity;sr_pri_blocks=3923502_289918923_0_2_0__6000;srepoch=1636971333;srpvid=49e14822c41f0002;type=total;ucfs=1;sig=v1OQuHGF6b&#hotelTmpl","golo-place_booking_banner":{"id":"0","url":""},"golo-place_booking_banner_url":"","golo-place_booking_form":"9","golo-place_phone":"+351 239 853 020","golo-place_phone2":"","golo-place_email":"astoria@almeidahotels.pt","golo-place_website":"https:\/\/www.almeidahotels.pt\/pt\/hotel-astoria-coimbra","golo-place_identity":"5271","golo-place_facebook":"","golo-place_instagram":"","golo-place_twitter":"","golo-additional_detail":"1","golo-additional_detail_icon":[""],"golo-additional_detail_url":[""],"golo-opening_monday":"Segunda","golo-opening_monday_time":"","golo-opening_tuesday":"Ter\u00e7a","golo-opening_tuesday_time":"","golo-opening_wednesday":"Quarta","golo-opening_wednesday_time":"","golo-opening_thursday":"Quinta","golo-opening_thursday_time":"","golo-opening_friday":"Sexta","golo-opening_friday_time":"","golo-opening_saturday":"Saturday","golo-opening_saturday_time":"","golo-opening_sunday":"Domingo","golo-opening_sunday_time":"","golo-yelp_review":"1","golo-yelp_review_title":[""],"golo-yelp_review_type":[""],"golo-place_views_count":"169","golo-menu_enable":"0","golo-menu_types":"1","golo-menu_types_name":[""],"golo-menu_tab":[{"golo-menu_title":"","golo-menu_price":"","golo-menu_description":"","golo-menu_image":{"id":"0","url":""},"golo-menu_item_type":""}],"golo-place_address":"Av. Em\u00eddio Navarro 21","golo-place_zip":"3000-150 Coimbra","golo-place_location":{"location":"40.20771720931838,-8.430461883544922","address":""},"golo-place_featured":"0","golo-place_logged":"0","golo-place_images":["https:\/\/aeestesc.net\/descobrecoimbra\/wp-content\/uploads\/2021\/11\/desayuno-buffet-1-hotel-astoria-alexandre-almeida_0.jpg","https:\/\/aeestesc.net\/descobrecoimbra\/wp-content\/uploads\/2021\/11\/habitacion-1-hotel-astoria-alexandre-almeida.jpg","https:\/\/aeestesc.net\/descobrecoimbra\/wp-content\/uploads\/2021\/11\/hotel-astoria-1-alexandre-almeida.jpg","https:\/\/aeestesc.net\/descobrecoimbra\/wp-content\/uploads\/2021\/11\/lobby-hotel-astoria-alexandre-almeida.jpg","https:\/\/aeestesc.net\/descobrecoimbra\/wp-content\/uploads\/2021\/11\/Salon-Hotel-Astoria-1_1.jpg"],"golo-place_video_url":"","golo-place_video_image":"","golo-faqs_enable":"0","golo-faqs_tab":[{"golo-faqs_title":"","golo-faqs_description":""}],"golo-booking_item_name":"","golo-booking_item_id":"","golo-booking_item_author":"","golo-booking_adults":"","golo-booking_childrens":"","golo-booking_date":"","golo-booking_time":"","golo-package_free":"","golo-package_price":"","golo-package_unlimited_time":"","golo-package_time_unit":"","golo-package_period":"","golo-package_unlimited_listing":"","golo-package_number_listings":"","golo-package_number_featured":"","golo-package_order_display":"","golo-package_featured":"","golo-package_visible":"","golo-place_rating":"","golo-review_count":0,"_links":{"self":[{"href":"https:\/\/aeestesc.net\/descobrecoimbra\/wp-json\/wp\/v2\/place\/5271"}],"collection":[{"href":"https:\/\/aeestesc.net\/descobrecoimbra\/wp-json\/wp\/v2\/place"}],"about":[{"href":"https:\/\/aeestesc.net\/descobrecoimbra\/wp-json\/wp\/v2\/types\/place"}],"author":[{"embeddable":true,"href":"https:\/\/aeestesc.net\/descobrecoimbra\/wp-json\/wp\/v2\/users\/2"}],"replies":[{"embeddable":true,"href":"https:\/\/aeestesc.net\/descobrecoimbra\/wp-json\/wp\/v2\/comments?post=5271"}],"version-history":[{"count":4,"href":"https:\/\/aeestesc.net\/descobrecoimbra\/wp-json\/wp\/v2\/place\/5271\/revisions"}],"predecessor-version":[{"id":5392,"href":"https:\/\/aeestesc.net\/descobrecoimbra\/wp-json\/wp\/v2\/place\/5271\/revisions\/5392"}],"wp:featuredmedia":[{"embeddable":true,"href":"https:\/\/aeestesc.net\/descobrecoimbra\/wp-json\/wp\/v2\/media\/5274"}],"wp:attachment":[{"href":"https:\/\/aeestesc.net\/descobrecoimbra\/wp-json\/wp\/v2\/media?parent=5271"}],"wp:term":[{"taxonomy":"place-type","embeddable":true,"href":"https:\/\/aeestesc.net\/descobrecoimbra\/wp-json\/wp\/v2\/place-type?post=5271"},{"taxonomy":"place-categories","embeddable":true,"href":"https:\/\/aeestesc.net\/descobrecoimbra\/wp-json\/wp\/v2\/place-categories?post=5271"},{"taxonomy":"place-amenities","embeddable":true,"href":"https:\/\/aeestesc.net\/descobrecoimbra\/wp-json\/wp\/v2\/place-amenities?post=5271"},{"taxonomy":"place-city","embeddable":true,"href":"https:\/\/aeestesc.net\/descobrecoimbra\/wp-json\/wp\/v2\/place-city?post=5271"}],"curies":[{"name":"wp","href":"https:\/\/api.w.org\/{rel}","templated":true}]}}